{"id":34828,"date":"2019-08-14T15:46:02","date_gmt":"2019-08-14T13:46:02","guid":{"rendered":"https:\/\/www.vandijkenko.nl\/uber-uns\/"},"modified":"2019-08-14T15:46:04","modified_gmt":"2019-08-14T13:46:04","slug":"uber-uns","status":"publish","type":"page","link":"https:\/\/www.vandijkenko.nl\/de\/uber-uns\/","title":{"rendered":"\u00dcber uns"},"content":{"rendered":"<div class=\"wpb-content-wrapper\"><p>[vc_row full_width=&#8220;stretch_row_content&#8220; el_class=&#8220;in-grid&#8220;][vc_column]\n\t<div class='row custom_header custom_header--style1'>\n\t\t<div class=\"custom_header__image-container animated slide-left\" style=\"background-image: url('https:\/\/www.vandijkenko.nl\/wp-content\/uploads\/2018\/10\/VanDijkKo-Winkel.jpg');\"><\/div>\n\t\t<div class=\"custom_header__text-container animated slide-right\">Unser Industrielager in Amsterdam-Noord, \u00fcber 2500 m2 gro\u00df<\/div>\n\t<\/div>\n\n\t[\/vc_column][\/vc_row][vc_row full_width=&#8220;stretch_row_content&#8220; el_class=&#8220;in-grid row-margin-no-mobile&#8220;][vc_column]\n<h1 class=\"title   title--center \">\n\tEinzigartige Produkte mit einer Geschichte<\/h1>\n\n\t[vc_row_inner][vc_column_inner el_class=&#8220;animated slide-up&#8220; offset=&#8220;vc_col-md-4&#8243;][vc_column_text]<\/p>\n<p lang=\"de-DE\">Unser Industrielager in Amsterdam-Noord mit einer Gr\u00f6\u00dfe von \u00fcber 2500 m2 steht voller ungarischer Schr\u00e4nke, B\u00e4nke, Tische, Sitztonnen, Hocker und Kommoden, Eimer, rum\u00e4nischer Buffetschr\u00e4nke, Keramik, Kisten und Rahmen, Tr\u00f6ge,<\/p>\n<p>[\/vc_column_text][\/vc_column_inner][vc_column_inner el_class=&#8220;animated slide-up delay-1 delay-mobile-0&#8243; offset=&#8220;vc_col-md-4&#8243;][vc_column_text]<\/p>\n<p lang=\"de-DE\">Kr\u00fcge, K\u00e4sten, St\u00fchle, Geschirr, Werkb\u00e4nke und Friseurm\u00f6bel, Karren und Theken, Dansk Design, belgischer B\u00fcrom\u00f6bel, niederl\u00e4ndischer B\u00fccher und einer gro\u00dfen Menge unerwarteter<\/p>\n<p>[\/vc_column_text][\/vc_column_inner][vc_column_inner el_class=&#8220;animated slide-up delay-2 delay-mobile-0&#8243; offset=&#8220;vc_col-md-4&#8243;][vc_column_text]<\/p>\n<p lang=\"de-DE\">Gegenst\u00e4nde wie einem Pferd auf R\u00e4dern, einer lebensgro\u00dfen Piet\u00e0 und einem gro\u00dfen Sortiment W\u00e4sche, Glaswaren und Lampenschirme! Auch Gartenm\u00f6bel und alte T\u00fcren sind bei uns erh\u00e4ltlich.<\/p>\n<p>[\/vc_column_text][\/vc_column_inner][\/vc_row_inner][\/vc_column][\/vc_row][vc_row full_width=&#8220;stretch_row_content&#8220; el_class=&#8220;in-grid&#8220;][vc_column]\n\t<div class='row custom_header custom_header--style2'>\n\t\t<div class=\"custom_header__text-container animated slide-left\">\u201eVan Dijk &amp; Ko setzt sich auf seine Weise f\u00fcr Wiederverwendung und Nachhaltigkeit ein\u201c<\/div>\n\t\t<div class=\"custom_header__image-container animated slide-right\" style=\"background-image: url('https:\/\/www.vandijkenko.nl\/wp-content\/uploads\/2018\/10\/VCanDijkKo-Staalhoek.jpg');\"><\/div>\n\t<\/div>\n\n\t[\/vc_column][\/vc_row][vc_row full_width=&#8220;stretch_row_content&#8220; el_class=&#8220;in-grid&#8220;][vc_column]\n<h1 class=\"title   title--center \">\n\tWir sind Van Dijk &amp; Ko<\/h1>\n\n\t[vc_row_inner][vc_column_inner el_class=&#8220;animated slide-up&#8220; offset=&#8220;vc_col-md-4&#8243;][vc_column_text]<\/p>\n<p lang=\"de-DE\">Was einst als Stand auf dem Noordermarkt begann, ist zu einem Begriff auf dem Gebiet der Tr\u00f6del-, Antik-, Vintage- und einzigartigen Funde geworden. Im Jahre 2000 begann der Verkauf aus einem Lager in den Houthavens unter dem Namen Van Dijk &amp; Ko. Aus diesem Lager zog der Betrieb im Sommer 2009 an seinen heutigen Standort um,<\/p>\n<p>[\/vc_column_text][\/vc_column_inner][vc_column_inner el_class=&#8220;animated slide-up delay-1 delay-mobile-0&#8243; offset=&#8220;vc_col-md-4&#8243;][vc_column_text]<\/p>\n<p lang=\"de-DE\">eine ehemalige Fabrikhalle in Amsterdam-Noord in fu\u00dfl\u00e4ufiger Entfernung von der NDSM-Werft. Dort haben seit Anfang 2018 Hilleke Ozinga und Anoushka van der Straaten das Sagen.<\/p>\n<p lang=\"de-DE\">Durch die Neunutzung von M\u00f6beln und Kleingut setzt sich Van Dijk &amp; Ko auf seine Weise f\u00fcr<\/p>\n<p>[\/vc_column_text][\/vc_column_inner][vc_column_inner el_class=&#8220;animated slide-up delay-2 delay-mobile-0&#8243; offset=&#8220;vc_col-md-4&#8243;][vc_column_text]<\/p>\n<p lang=\"de-DE\">Wiederverwendung und Nachhaltigkeit ein. Erfreulicherweise finden immer mehr Menschen das wichtig. Sie entscheiden sich bewusst f\u00fcr M\u00f6bel mit einer Vergangenheit, die nicht Ausdruck einer verg\u00e4nglichen Mode, sondern zeitlos sind. Es wird weniger weggeworfen, ein Verhalten, das wir schon seit Jahren propagieren.<\/p>\n<p>[\/vc_column_text][\/vc_column_inner][\/vc_row_inner][\/vc_column][\/vc_row][vc_row full_width=&#8220;stretch_row_content&#8220; el_class=&#8220;in-grid&#8220;][vc_column]\n<h1 class=\"title   title--center \">\n\tAus der ungarischen Puszta in Ihr Haus<\/h1>\n\n\t[vc_row_inner][vc_column_inner el_class=&#8220;animated slide-up&#8220; offset=&#8220;vc_col-md-4&#8243;][vc_column_text]<\/p>\n<p lang=\"de-DE\">Van Dijk en Ko ist st\u00e4ndig auf der Suche nach besonderen Funden. Regelm\u00e4\u00dfig treffen neue Lieferungen mit \u00dcberraschungen aus dem In- und Ausland ein. Auch erhalten wir w\u00f6chentlich Nachschub von der Ranch unseres Partners in Ungarn. Dieses tolle Team sucht nach Sachen und bringt sie wieder in Schuss.<\/p>\n<p>[\/vc_column_text][\/vc_column_inner][vc_column_inner el_class=&#8220;animated slide-up delay-1 delay-mobile-0&#8243; offset=&#8220;vc_col-md-4&#8243;][vc_column_text]<\/p>\n<p lang=\"de-DE\">M\u00f6bel werden auf kreative Weise restauriert. Teile werden ersetzt oder aber hinzugef\u00fcgt, um ein altes Produkt mit einer neuen Funktion zu versehen. So werden aus einem Karren aus der alten Kodakfabrik ein Servierwagen, aus einem alten Bodenbelag und einem<\/p>\n<p>[\/vc_column_text][\/vc_column_inner][vc_column_inner el_class=&#8220;animated slide-up delay-2 delay-mobile-0&#8243; offset=&#8220;vc_col-md-4&#8243;][vc_column_text]<\/p>\n<p lang=\"de-DE\">Waggongestell ein Salontisch. Alte Balken werden zu Brettern f\u00fcr Tischplatten zers\u00e4gt, und alte T\u00fcren bilden den Aufbau f\u00fcr einen neuen Schrank. Aus der ungarischen Puszta in ein Appartement in Amsterdam Zuid. Auch das Dasein eines M\u00f6bels kann manchmal seltsam verlaufen!<\/p>\n<p>[\/vc_column_text][\/vc_column_inner][\/vc_row_inner][\/vc_column][\/vc_row][vc_row full_width=&#8220;stretch_row_content&#8220; el_class=&#8220;in-grid&#8220;][vc_column]\n\t<div class='row custom_header custom_header--style1'>\n\t\t<div class=\"custom_header__image-container animated slide-left\" style=\"background-image: url('https:\/\/www.vandijkenko.nl\/wp-content\/uploads\/2018\/10\/VanDijkKo-Kastjes.jpg');\"><\/div>\n\t\t<div class=\"custom_header__text-container animated slide-right\">Unsere rasch wechselnde Kollektion macht einen Besuch immer zu einem besonderen und lohnenden Ereignis<\/div>\n\t<\/div>\n\n\t[\/vc_column][\/vc_row][vc_row full_width=&#8220;stretch_row_content&#8220; el_class=&#8220;in-grid&#8220;][vc_column]\n<h1 class=\"title   title--center \">\n\tSt\u00e4ndig neue Funde<\/h1>\n\n\t[vc_row_inner][vc_column_inner el_class=&#8220;animated slide-up&#8220; offset=&#8220;vc_col-md-4&#8243;][vc_column_text]<\/p>\n<p lang=\"de-DE\">Neben dem w\u00f6chentlichen Nachschub von der Ranch unseres Partners in Ungarn sind wir st\u00e4ndig auf der Suche nach besonderen Funden. Regelm\u00e4\u00dfig treffen neue Lieferungen mit \u00dcberraschungen aus<\/p>\n<p>[\/vc_column_text][\/vc_column_inner][vc_column_inner el_class=&#8220;animated slide-up delay-1 delay-mobile-0&#8243; offset=&#8220;vc_col-md-4&#8243;][vc_column_text]<\/p>\n<p lang=\"de-DE\">dem In- und Ausland ein. Behalten Sie die Seite im Auge und folgen Sie uns auf <a href=\"https:\/\/instagram.com\/vandijkenko\/\">Instagram<\/a> f\u00fcr die neuesten Erwerbungen. Die Umlaufgeschwindigkeit ist hoch, deshalb steht nicht die gesamte Kollektion online. Wir bem\u00fchen uns,<\/p>\n<p>[\/vc_column_text][\/vc_column_inner][vc_column_inner el_class=&#8220;animated slide-up delay-2 delay-mobile-0&#8243; offset=&#8220;vc_col-md-4&#8243;][vc_column_text]<\/p>\n<p lang=\"de-DE\">die Seite so weit wie m\u00f6glich zu aktualisieren, aber es kann sein, dass jemand im Laden Ihnen gerade zuvorkommt. Ist das, was Sie suchen, nicht dabei? Geben Sie uns kurz Bescheid. Wir machen uns gerne f\u00fcr Sie auf die Suche!<\/p>\n<p>[\/vc_column_text][\/vc_column_inner][\/vc_row_inner][\/vc_column][\/vc_row][vc_row full_width=&#8220;stretch_row_content&#8220; el_class=&#8220;in-grid&#8220;][vc_column]\n<h1 class=\"title   title--center \">\n\tEntdecken Sie uns<\/h1>\n\n\t[vc_row_inner][vc_column_inner el_class=&#8220;animated slide-up&#8220; offset=&#8220;vc_col-md-4&#8243;][vc_column_text]<\/p>\n<p lang=\"de-DE\">Unser Laden am Papaverweg 46 in Amsterdam Noord ist an sich schon eine Entdeckung. Die rasch wechselnde Kollektion macht einen Besuch immer zu einem besonderen und lohnenden Ereignis. Auf demselben Gel\u00e4nde k\u00f6nnen Sie gleich noch bei unseren benachbarten Kollegen hereinschauen: <a href=\"https:\/\/neeflouis.nl\">Neef Louis Design<\/a>.<\/p>\n<p>[\/vc_column_text][\/vc_column_inner][vc_column_inner el_class=&#8220;animated slide-up delay-1 delay-mobile-0&#8243; offset=&#8220;vc_col-md-4&#8243;][vc_column_text]<\/p>\n<p lang=\"de-DE\">G\u00f6nnen Sie sich einen leckeren Cappuccino mit Apfelkuchen oder ein Mittagessen im angesagten Restaurant Waargenoegen, dann kann am Vor- oder Nachmittag nichts mehr schiefgehen! Sehen Sie <a href=\"https:\/\/www.vandijkenko.nl\/de\/kontakt\/\">unsere \u00d6ffnungszeiten<\/a>.<\/p>\n<p>[\/vc_column_text][\/vc_column_inner][vc_column_inner el_class=&#8220;animated slide-up delay-2 delay-mobile-0&#8243; offset=&#8220;vc_col-md-4&#8243;][vc_single_image image=&#8220;17756&#8243; img_size=&#8220;medium&#8220; alignment=&#8220;center&#8220;][\/vc_column_inner][\/vc_row_inner][\/vc_column][\/vc_row]<\/p>\n<\/div>","protected":false},"excerpt":{"rendered":"<p>[vc_row full_width=&#8220;stretch_row_content&#8220; el_class=&#8220;in-grid&#8220;][vc_column][\/vc_column][\/vc_row][vc_row full_width=&#8220;stretch_row_content&#8220; el_class=&#8220;in-grid row-margin-no-mobile&#8220;][vc_column][vc_row_inner][vc_column_inner el_class=&#8220;animated slide-up&#8220; offset=&#8220;vc_col-md-4&#8243;][vc_column_text] Unser Industrielager in Amsterdam-Noord mit [&hellip;]<\/p>\n","protected":false},"author":1,"featured_media":0,"parent":0,"menu_order":2,"comment_status":"closed","ping_status":"closed","template":"","meta":{"_acf_changed":false,"footnotes":""},"class_list":["post-34828","page","type-page","status-publish","hentry"],"acf":[],"yoast_head":"<!-- This site is optimized with the Yoast SEO Premium plugin v27.4 (Yoast SEO v27.4) - https:\/\/yoast.com\/product\/yoast-seo-premium-wordpress\/ -->\n<title>\u00dcber uns - Van Dijk &amp; Ko<\/title>\n<meta name=\"robots\" content=\"index, follow, max-snippet:-1, max-image-preview:large, max-video-preview:-1\" \/>\n<link rel=\"canonical\" href=\"https:\/\/www.vandijkenko.nl\/de\/uber-uns\/\" \/>\n<meta property=\"og:locale\" content=\"de_DE\" \/>\n<meta property=\"og:type\" content=\"article\" \/>\n<meta property=\"og:title\" content=\"\u00dcber uns\" \/>\n<meta property=\"og:description\" content=\"[vc_row full_width=&#8220;stretch_row_content&#8220; el_class=&#8220;in-grid&#8220;][vc_column][\/vc_column][\/vc_row][vc_row full_width=&#8220;stretch_row_content&#8220; el_class=&#8220;in-grid row-margin-no-mobile&#8220;][vc_column][vc_row_inner][vc_column_inner el_class=&#8220;animated slide-up&#8220; offset=&#8220;vc_col-md-4&#8243;][vc_column_text] Unser Industrielager in Amsterdam-Noord mit [&hellip;]\" \/>\n<meta property=\"og:url\" content=\"https:\/\/www.vandijkenko.nl\/de\/uber-uns\/\" \/>\n<meta property=\"og:site_name\" content=\"Van Dijk &amp; Ko\" \/>\n<meta property=\"article:publisher\" content=\"https:\/\/www.facebook.com\/vandijkenko\/\" \/>\n<meta property=\"article:modified_time\" content=\"2019-08-14T13:46:04+00:00\" \/>\n<meta name=\"twitter:card\" content=\"summary_large_image\" \/>\n<meta name=\"twitter:label1\" content=\"Gesch\u00e4tzte Lesezeit\" \/>\n\t<meta name=\"twitter:data1\" content=\"6\u00a0Minuten\" \/>\n<script type=\"application\/ld+json\" class=\"yoast-schema-graph\">{\"@context\":\"https:\\\/\\\/schema.org\",\"@graph\":[{\"@type\":\"WebPage\",\"@id\":\"https:\\\/\\\/www.vandijkenko.nl\\\/de\\\/uber-uns\\\/\",\"url\":\"https:\\\/\\\/www.vandijkenko.nl\\\/de\\\/uber-uns\\\/\",\"name\":\"\u00dcber uns - Van Dijk &amp; Ko\",\"isPartOf\":{\"@id\":\"https:\\\/\\\/www.vandijkenko.nl\\\/de\\\/#website\"},\"datePublished\":\"2019-08-14T13:46:02+00:00\",\"dateModified\":\"2019-08-14T13:46:04+00:00\",\"breadcrumb\":{\"@id\":\"https:\\\/\\\/www.vandijkenko.nl\\\/de\\\/uber-uns\\\/#breadcrumb\"},\"inLanguage\":\"de\",\"potentialAction\":[{\"@type\":\"ReadAction\",\"target\":[\"https:\\\/\\\/www.vandijkenko.nl\\\/de\\\/uber-uns\\\/\"]}]},{\"@type\":\"BreadcrumbList\",\"@id\":\"https:\\\/\\\/www.vandijkenko.nl\\\/de\\\/uber-uns\\\/#breadcrumb\",\"itemListElement\":[{\"@type\":\"ListItem\",\"position\":1,\"name\":\"Home\",\"item\":\"https:\\\/\\\/www.vandijkenko.nl\\\/de\\\/\"},{\"@type\":\"ListItem\",\"position\":2,\"name\":\"\u00dcber uns\"}]},{\"@type\":\"WebSite\",\"@id\":\"https:\\\/\\\/www.vandijkenko.nl\\\/de\\\/#website\",\"url\":\"https:\\\/\\\/www.vandijkenko.nl\\\/de\\\/\",\"name\":\"Van Dijk &amp; Ko\",\"description\":\"\",\"publisher\":{\"@id\":\"https:\\\/\\\/www.vandijkenko.nl\\\/de\\\/#organization\"},\"potentialAction\":[{\"@type\":\"SearchAction\",\"target\":{\"@type\":\"EntryPoint\",\"urlTemplate\":\"https:\\\/\\\/www.vandijkenko.nl\\\/de\\\/?s={search_term_string}\"},\"query-input\":{\"@type\":\"PropertyValueSpecification\",\"valueRequired\":true,\"valueName\":\"search_term_string\"}}],\"inLanguage\":\"de\"},{\"@type\":[\"Organization\",\"Place\",\"FurnitureStore\"],\"@id\":\"https:\\\/\\\/www.vandijkenko.nl\\\/de\\\/#organization\",\"name\":\"Van Dijk & Ko\",\"url\":\"https:\\\/\\\/www.vandijkenko.nl\\\/de\\\/\",\"logo\":{\"@id\":\"https:\\\/\\\/www.vandijkenko.nl\\\/de\\\/uber-uns\\\/#local-main-organization-logo\"},\"image\":{\"@id\":\"https:\\\/\\\/www.vandijkenko.nl\\\/de\\\/uber-uns\\\/#local-main-organization-logo\"},\"sameAs\":[\"https:\\\/\\\/www.facebook.com\\\/vandijkenko\\\/\",\"https:\\\/\\\/www.instagram.com\\\/vandijkenko\\\/\",\"https:\\\/\\\/www.pinterest.co.uk\\\/vandijkko0026\\\/\"],\"address\":{\"@id\":\"https:\\\/\\\/www.vandijkenko.nl\\\/de\\\/uber-uns\\\/#local-main-place-address\"},\"geo\":{\"@type\":\"GeoCoordinates\",\"latitude\":\"52.3977911\",\"longitude\":\"4.9042822\"},\"telephone\":[\"+31 20 684 1524\"],\"openingHoursSpecification\":[{\"@type\":\"OpeningHoursSpecification\",\"dayOfWeek\":[\"Monday\"],\"opens\":\"00:00\",\"closes\":\"00:00\"},{\"@type\":\"OpeningHoursSpecification\",\"dayOfWeek\":[\"Tuesday\",\"Wednesday\",\"Thursday\",\"Friday\",\"Saturday\"],\"opens\":\"10:00\",\"closes\":\"18:00\"},{\"@type\":\"OpeningHoursSpecification\",\"dayOfWeek\":[\"Sunday\"],\"opens\":\"12:00\",\"closes\":\"18:00\"}],\"email\":\"info@vandijkenko.nl\"},{\"@type\":\"PostalAddress\",\"@id\":\"https:\\\/\\\/www.vandijkenko.nl\\\/de\\\/uber-uns\\\/#local-main-place-address\",\"streetAddress\":\"Papaverweg 46\",\"addressLocality\":\"Amsterdam\",\"postalCode\":\"1032 KJ\",\"addressRegion\":\"Noord-holland\",\"addressCountry\":\"NL\"},{\"@type\":\"ImageObject\",\"inLanguage\":\"de\",\"@id\":\"https:\\\/\\\/www.vandijkenko.nl\\\/de\\\/uber-uns\\\/#local-main-organization-logo\",\"url\":\"https:\\\/\\\/www.vandijkenko.nl\\\/wp-content\\\/uploads\\\/2019\\\/09\\\/VanDijkenKologo.jpg\",\"contentUrl\":\"https:\\\/\\\/www.vandijkenko.nl\\\/wp-content\\\/uploads\\\/2019\\\/09\\\/VanDijkenKologo.jpg\",\"width\":320,\"height\":320,\"caption\":\"Van Dijk & Ko\"}]}<\/script>\n<meta name=\"geo.placename\" content=\"Amsterdam\" \/>\n<meta name=\"geo.position\" content=\"52.3977911;4.9042822\" \/>\n<meta name=\"geo.region\" content=\"Niederlande\" \/>\n<!-- \/ Yoast SEO Premium plugin. -->","yoast_head_json":{"title":"\u00dcber uns - Van Dijk &amp; Ko","robots":{"index":"index","follow":"follow","max-snippet":"max-snippet:-1","max-image-preview":"max-image-preview:large","max-video-preview":"max-video-preview:-1"},"canonical":"https:\/\/www.vandijkenko.nl\/de\/uber-uns\/","og_locale":"de_DE","og_type":"article","og_title":"\u00dcber uns","og_description":"[vc_row full_width=&#8220;stretch_row_content&#8220; el_class=&#8220;in-grid&#8220;][vc_column][\/vc_column][\/vc_row][vc_row full_width=&#8220;stretch_row_content&#8220; el_class=&#8220;in-grid row-margin-no-mobile&#8220;][vc_column][vc_row_inner][vc_column_inner el_class=&#8220;animated slide-up&#8220; offset=&#8220;vc_col-md-4&#8243;][vc_column_text] Unser Industrielager in Amsterdam-Noord mit [&hellip;]","og_url":"https:\/\/www.vandijkenko.nl\/de\/uber-uns\/","og_site_name":"Van Dijk &amp; Ko","article_publisher":"https:\/\/www.facebook.com\/vandijkenko\/","article_modified_time":"2019-08-14T13:46:04+00:00","twitter_card":"summary_large_image","twitter_misc":{"Gesch\u00e4tzte Lesezeit":"6\u00a0Minuten"},"schema":{"@context":"https:\/\/schema.org","@graph":[{"@type":"WebPage","@id":"https:\/\/www.vandijkenko.nl\/de\/uber-uns\/","url":"https:\/\/www.vandijkenko.nl\/de\/uber-uns\/","name":"\u00dcber uns - Van Dijk &amp; Ko","isPartOf":{"@id":"https:\/\/www.vandijkenko.nl\/de\/#website"},"datePublished":"2019-08-14T13:46:02+00:00","dateModified":"2019-08-14T13:46:04+00:00","breadcrumb":{"@id":"https:\/\/www.vandijkenko.nl\/de\/uber-uns\/#breadcrumb"},"inLanguage":"de","potentialAction":[{"@type":"ReadAction","target":["https:\/\/www.vandijkenko.nl\/de\/uber-uns\/"]}]},{"@type":"BreadcrumbList","@id":"https:\/\/www.vandijkenko.nl\/de\/uber-uns\/#breadcrumb","itemListElement":[{"@type":"ListItem","position":1,"name":"Home","item":"https:\/\/www.vandijkenko.nl\/de\/"},{"@type":"ListItem","position":2,"name":"\u00dcber uns"}]},{"@type":"WebSite","@id":"https:\/\/www.vandijkenko.nl\/de\/#website","url":"https:\/\/www.vandijkenko.nl\/de\/","name":"Van Dijk &amp; Ko","description":"","publisher":{"@id":"https:\/\/www.vandijkenko.nl\/de\/#organization"},"potentialAction":[{"@type":"SearchAction","target":{"@type":"EntryPoint","urlTemplate":"https:\/\/www.vandijkenko.nl\/de\/?s={search_term_string}"},"query-input":{"@type":"PropertyValueSpecification","valueRequired":true,"valueName":"search_term_string"}}],"inLanguage":"de"},{"@type":["Organization","Place","FurnitureStore"],"@id":"https:\/\/www.vandijkenko.nl\/de\/#organization","name":"Van Dijk & Ko","url":"https:\/\/www.vandijkenko.nl\/de\/","logo":{"@id":"https:\/\/www.vandijkenko.nl\/de\/uber-uns\/#local-main-organization-logo"},"image":{"@id":"https:\/\/www.vandijkenko.nl\/de\/uber-uns\/#local-main-organization-logo"},"sameAs":["https:\/\/www.facebook.com\/vandijkenko\/","https:\/\/www.instagram.com\/vandijkenko\/","https:\/\/www.pinterest.co.uk\/vandijkko0026\/"],"address":{"@id":"https:\/\/www.vandijkenko.nl\/de\/uber-uns\/#local-main-place-address"},"geo":{"@type":"GeoCoordinates","latitude":"52.3977911","longitude":"4.9042822"},"telephone":["+31 20 684 1524"],"openingHoursSpecification":[{"@type":"OpeningHoursSpecification","dayOfWeek":["Monday"],"opens":"00:00","closes":"00:00"},{"@type":"OpeningHoursSpecification","dayOfWeek":["Tuesday","Wednesday","Thursday","Friday","Saturday"],"opens":"10:00","closes":"18:00"},{"@type":"OpeningHoursSpecification","dayOfWeek":["Sunday"],"opens":"12:00","closes":"18:00"}],"email":"info@vandijkenko.nl"},{"@type":"PostalAddress","@id":"https:\/\/www.vandijkenko.nl\/de\/uber-uns\/#local-main-place-address","streetAddress":"Papaverweg 46","addressLocality":"Amsterdam","postalCode":"1032 KJ","addressRegion":"Noord-holland","addressCountry":"NL"},{"@type":"ImageObject","inLanguage":"de","@id":"https:\/\/www.vandijkenko.nl\/de\/uber-uns\/#local-main-organization-logo","url":"https:\/\/www.vandijkenko.nl\/wp-content\/uploads\/2019\/09\/VanDijkenKologo.jpg","contentUrl":"https:\/\/www.vandijkenko.nl\/wp-content\/uploads\/2019\/09\/VanDijkenKologo.jpg","width":320,"height":320,"caption":"Van Dijk & Ko"}]},"geo.placename":"Amsterdam","geo.position":{"lat":"52.3977911","long":"4.9042822"},"geo.region":"Niederlande"},"_links":{"self":[{"href":"https:\/\/www.vandijkenko.nl\/de\/wp-json\/wp\/v2\/pages\/34828","targetHints":{"allow":["GET"]}}],"collection":[{"href":"https:\/\/www.vandijkenko.nl\/de\/wp-json\/wp\/v2\/pages"}],"about":[{"href":"https:\/\/www.vandijkenko.nl\/de\/wp-json\/wp\/v2\/types\/page"}],"author":[{"embeddable":true,"href":"https:\/\/www.vandijkenko.nl\/de\/wp-json\/wp\/v2\/users\/1"}],"replies":[{"embeddable":true,"href":"https:\/\/www.vandijkenko.nl\/de\/wp-json\/wp\/v2\/comments?post=34828"}],"version-history":[{"count":0,"href":"https:\/\/www.vandijkenko.nl\/de\/wp-json\/wp\/v2\/pages\/34828\/revisions"}],"wp:attachment":[{"href":"https:\/\/www.vandijkenko.nl\/de\/wp-json\/wp\/v2\/media?parent=34828"}],"curies":[{"name":"wp","href":"https:\/\/api.w.org\/{rel}","templated":true}]}}