{"id":34833,"date":"2019-08-14T15:52:56","date_gmt":"2019-08-14T13:52:56","guid":{"rendered":"https:\/\/www.vandijkenko.nl\/kontakt\/"},"modified":"2025-04-17T09:46:06","modified_gmt":"2025-04-17T07:46:06","slug":"kontakt","status":"publish","type":"page","link":"https:\/\/www.vandijkenko.nl\/de\/kontakt\/","title":{"rendered":"Kontakt"},"content":{"rendered":"<div class=\"wpb-content-wrapper\"><p>[vc_row css=&#8220;.vc_custom_1541416377832{margin-top: 5% !important;margin-bottom: 5% !important;}&#8220;][vc_column]\n<h1 class=\"title   title--center \">\n\tRufen Sie uns an oder mailen Sie Ihre Frage<\/h1>\n\n\t[vc_column_text css=&#8220;&#8220;]<\/p>\n<h3 style=\"text-align: center;\">Unsere \u00d6ffnungszeiten<\/h3>\n<p><\/p>\n<h3 style=\"text-align: center;\"><\/h3>\n<p>&nbsp;<\/p>\n<p style=\"text-align: center;\">Dienstag 10:00 &#8211; 18:00 Uhr<\/p>\n<p><\/p>\n<p style=\"text-align: center;\">Mittwoch 10:00 &#8211; 18:00<\/p>\n<p><\/p>\n<p style=\"text-align: center;\">Donnerstag 10:00 &#8211; 18:00 Uhr<\/p>\n<p><\/p>\n<p style=\"text-align: center;\">Freitag 10:00 &#8211; 18:00<\/p>\n<p><\/p>\n<p style=\"text-align: center;\">Samstag 10:00 &#8211; 18:00<\/p>\n<p><\/p>\n<p style=\"text-align: center;\">Sonntag 11:30-18:00<\/p>\n<p>&nbsp;<\/p>\n<h3 style=\"text-align: center;\">An und um die Feiertage:<\/h3>\n<p>&nbsp;<\/p>\n<p style=\"text-align: center;\">Geschlossen am Sonntag, 20. April, Ostersonntag<\/p>\n<p><\/p>\n<p style=\"text-align: center;\">Montag, 21. April, Ostermontag, ge\u00f6ffnet von 11:00-18:00 Uhr<\/p>\n<p><\/p>\n<p style=\"text-align: center;\">Samstag, 26. April, K\u00f6nigstagsfeier geschlossen<\/p>\n<p><\/p>\n<p style=\"text-align: center;\">Sonntag, 27. April, ge\u00f6ffnet von 11:30-18:00 Uhr<\/p>\n<p>&nbsp;<\/p>\n<p>&nbsp;<\/p>\n<p>&nbsp;<\/p>\n<p style=\"text-align: center;\">M\u00f6chten Sie uns ein M\u00f6belst\u00fcck verkaufen? F\u00fcllen Sie dann unser <strong><a href=\"https:\/\/www.vandijkenko.nl\/de\/einkauf\/\">Kaufformular<\/a><\/strong> aus.<\/p>\n<p><\/p>\n<p style=\"text-align: center;\">F\u00fcr <a href=\"https:\/\/www.vandijkenko.nl\/de\/mieten\/\"><strong>Mieten<\/strong><\/a> k\u00f6nnen Sie uns von Dienstag bis Freitag kontaktieren.<\/p>\n<p>[\/vc_column_text][\/vc_column][\/vc_row][vc_row css=&#8220;.vc_custom_1536662318029{margin-bottom: 50px !important;}&#8220;][vc_column offset=&#8220;vc_col-md-1&#8243;][\/vc_column][vc_column offset=&#8220;vc_col-md-10&#8243;][vc_row_inner][vc_column_inner]\n<h1 class=\"title   title--center title--small\">\n\tAnrufen<\/h1>\n\n\t[vc_column_text]<\/p>\n<p style=\"text-align: center;\"><a href=\"tel:0031206841524\">+31 20 684 15 24<\/a><\/p>\n<p>\n[\/vc_column_text]\n<h1 class=\"title   title--center title--small\">\n\tE-Mail<\/h1>\n\n\t[vc_column_text]<\/p>\n<p style=\"text-align: center;\"><a href=\"mailto:loods@vandijkenko.nl\">loods@vandijkenko.nl<\/a><\/p>\n<p>\n[\/vc_column_text]\n<h1 class=\"title   title--center title--small\">\n\tBesuch<\/h1>\n\n\t[vc_column_text css=&#8220;&#8220;]<\/p>\n<p style=\"text-align: center;\"><a href=\"https:\/\/www.google.com\/maps\/dir\/\/Pieter+Ghijsenlaan+12A,+1506+PV+Zaandam\/@52.4296125,4.7406294,12z\/data=!4m8!4m7!1m0!1m5!1m1!1s0x47c6084897c0f28b:0x22db22c96f63ac71!2m2!1d4.8230296!2d52.4296411?entry=ttu&amp;g_ep=EgoyMDI1MDQxNC4xIKXMDSoASAFQAw%3D%3D\" target=\"_blank\" rel=\"noopener noreferrer\">Van\u00a0 Dijk en Ko<\/a><\/p>\n<p><\/p>\n<p style=\"text-align: center;\">Pieter Ghijsenlaan 12A<\/p>\n<p><\/p>\n<p style=\"text-align: center;\">1506 PV\u00a0 Zaandam<\/p>\n<p>\n[\/vc_column_text][\/vc_column_inner][\/vc_row_inner][\/vc_column][vc_column offset=&#8220;vc_col-md-1&#8243;][\/vc_column][\/vc_row][vc_row css=&#8220;.vc_custom_1537348853158{margin-bottom: 75px !important;}&#8220;][vc_column offset=&#8220;vc_col-md-3&#8243;][\/vc_column][vc_column offset=&#8220;vc_col-md-6&#8243;]\n<h1 class=\"title   title--center \">\n\tBesuch<\/h1>\n\n\t[vc_column_text css=&#8220;&#8220;]<\/p>\n<p style=\"text-align: center;\">Wir sind nach Zaandam umgezogen. Sie finden uns in der Pieter Ghijsenlaan 12A. Der Eingang zum Gesch\u00e4ft befindet sich an der Seite von Stormhoek oder auf der R\u00fcckseite von Pieter Ghijsenlaan 12.<\/p>\n<p>\n[\/vc_column_text][\/vc_column][vc_column offset=&#8220;vc_col-md-3&#8243;][\/vc_column][\/vc_row][vc_row][vc_column offset=&#8220;vc_col-md-3&#8243;][\/vc_column][vc_column offset=&#8220;vc_col-md-6&#8243;]\n<h1 class=\"title   title--center \">\n\tKontaktformular<\/h1>\n\n\t[vc_column_text]<\/p>\n<p lang=\"de-DE\">Sie k\u00f6nnen auch das nachstehende Formular ausf\u00fcllen, dann nehmen wir Kontakt mit Ihnen auf.<\/p>\n<p>[\/vc_column_text][vc_column_text css=&#8220;&#8220;]<div class=\"wpforms-container wpforms-render-modern\" id=\"wpforms-981987\"><form id=\"wpforms-form-981987\" class=\"wpforms-validate wpforms-form wpforms-ajax-form\" data-formid=\"981987\" method=\"post\" enctype=\"multipart\/form-data\" action=\"\/de\/wp-json\/wp\/v2\/pages\/34833\" data-token=\"79e048109dcde5682ff8aa0621068298\" data-token-time=\"1777537827\"><noscript class=\"wpforms-error-noscript\">Bitte aktiviere JavaScript in deinem Browser, um dieses Formular fertigzustellen.<\/noscript><div id=\"wpforms-error-noscript\" style=\"display: none;\">Bitte aktiviere JavaScript in deinem Browser, um dieses Formular fertigzustellen.<\/div><div class=\"wpforms-field-container\"><div id=\"wpforms-981987-field_5-container\" class=\"wpforms-field wpforms-field-layout\" data-field-id=\"5\"><div class=\"wpforms-field-layout-rows wpforms-field-large\"><div class=\"wpforms-layout-row\"><div class=\"wpforms-layout-column wpforms-layout-column-33\"><div id=\"wpforms-981987-field_0-container\" class=\"wpforms-field wpforms-field-name\" data-field-id=\"0\"><label class=\"wpforms-field-label\" for=\"wpforms-981987-field_0\">Naam <span class=\"wpforms-required-label\" aria-hidden=\"true\">*<\/span><\/label><input type=\"text\" id=\"wpforms-981987-field_0\" class=\"wpforms-field-small wpforms-field-required\" name=\"wpforms[fields][0]\" aria-errormessage=\"wpforms-981987-field_0-error\" required><\/div><\/div><div class=\"wpforms-layout-column wpforms-layout-column-33\"><div id=\"wpforms-981987-field_1-container\" class=\"wpforms-field wpforms-field-email\" data-field-id=\"1\"><label class=\"wpforms-field-label\" for=\"wpforms-981987-field_1\">E-mail <span class=\"wpforms-required-label\" aria-hidden=\"true\">*<\/span><\/label><input type=\"email\" id=\"wpforms-981987-field_1\" class=\"wpforms-field-small wpforms-field-required\" name=\"wpforms[fields][1]\" spellcheck=\"false\" aria-errormessage=\"wpforms-981987-field_1-error\" required><\/div><\/div><div class=\"wpforms-layout-column wpforms-layout-column-33\"><div id=\"wpforms-981987-field_13-container\" class=\"wpforms-field wpforms-field-phone\" data-field-id=\"13\"><label class=\"wpforms-field-label\" for=\"wpforms-981987-field_13\">Telefoonnummer<\/label><input type=\"tel\" id=\"wpforms-981987-field_13\" class=\"wpforms-field-medium wpforms-smart-phone-field\" data-rule-smart-phone-field=\"true\" name=\"wpforms[fields][13]\" aria-label=\"Telefoonnummer\" aria-errormessage=\"wpforms-981987-field_13-error\" ><\/div><\/div><\/div><\/div><\/div><div id=\"wpforms-981987-field_2-container\" class=\"wpforms-field wpforms-field-textarea\" data-field-id=\"2\"><label class=\"wpforms-field-label\" for=\"wpforms-981987-field_2\">Bericht <span class=\"wpforms-required-label\" aria-hidden=\"true\">*<\/span><\/label><textarea id=\"wpforms-981987-field_2\" class=\"wpforms-field-medium wpforms-field-required\" name=\"wpforms[fields][2]\" aria-errormessage=\"wpforms-981987-field_2-error\" required><\/textarea><\/div><div id=\"wpforms-981987-field_8-container\" class=\"wpforms-field wpforms-field-checkbox\" data-field-id=\"8\"><fieldset><legend class=\"wpforms-field-label wpforms-label-hide\" aria-hidden=\"false\">Privacy akkoord <span class=\"wpforms-required-label\" aria-hidden=\"true\">*<\/span><\/legend><ul id=\"wpforms-981987-field_8\" class=\"wpforms-field-required\"><li class=\"choice-1 depth-1\"><input type=\"checkbox\" id=\"wpforms-981987-field_8_1\" name=\"wpforms[fields][8][]\" value=\"Ik ben akkoord met het &lt;a href=&quot;privacy\/&quot;&gt;privacy beleid&lt;\/a&gt;\" aria-errormessage=\"wpforms-981987-field_8_1-error\" required ><label class=\"wpforms-field-label-inline\" for=\"wpforms-981987-field_8_1\">Ik ben akkoord met het <a href=\"privacy\/\">privacy beleid<\/a><\/label><\/li><\/ul><\/fieldset><\/div><\/div><!-- .wpforms-field-container --><div class=\"wpforms-recaptcha-container wpforms-is-turnstile\" ><div class=\"wpforms-turnstile\" data-sitekey=\"0x4AAAAAAAbT8vJh3o0SJJEA\" data-action=\"FormID-981987\"><\/div><input type=\"text\" name=\"g-recaptcha-hidden\" class=\"wpforms-recaptcha-hidden\" style=\"position:absolute!important;clip:rect(0,0,0,0)!important;height:1px!important;width:1px!important;border:0!important;overflow:hidden!important;padding:0!important;margin:0!important;\" data-rule-turnstile=\"1\"><\/div><div class=\"wpforms-submit-container\" ><input type=\"hidden\" name=\"wpforms[id]\" value=\"981987\"><input type=\"hidden\" name=\"page_title\" value=\"\"><input type=\"hidden\" name=\"page_url\" value=\"https:\/\/www.vandijkenko.nl\/de\/wp-json\/wp\/v2\/pages\/34833\"><input type=\"hidden\" name=\"url_referer\" value=\"\"><button type=\"submit\" name=\"wpforms[submit]\" id=\"wpforms-submit-981987\" class=\"wpforms-submit\" data-alt-text=\"Verzenden...\" data-submit-text=\"Verzend\" aria-live=\"assertive\" value=\"wpforms-submit\">Verzend<\/button><img decoding=\"async\" src=\"https:\/\/www.vandijkenko.nl\/wp-content\/plugins\/wpforms\/assets\/images\/submit-spin.svg\" class=\"wpforms-submit-spinner\" style=\"display: none;\" width=\"26\" height=\"26\" alt=\"Wird geladen\"><\/div><\/form><\/div>  <!-- .wpforms-container -->[\/vc_column_text][\/vc_column][vc_column offset=&#8220;vc_col-md-3&#8243;][\/vc_column][\/vc_row][vc_row full_width=&#8220;stretch_row_content_no_spaces&#8220; el_class=&#8220;vc-no-margin-bottom&#8220;][vc_column][vc_gmaps link=&#8220;#E-8_JTNDaWZyYW1lJTIwc3JjJTNEJTIyaHR0cHMlM0ElMkYlMkZzbmF6enltYXBzLmNvbSUyRmVtYmVkJTJGMTM2MjUyJTIyJTIwd2lkdGglM0QlMjIxMDAlMjUlMjIlMjBoZWlnaHQlM0QlMjI2MDBweCUyMiUyMHN0eWxlJTNEJTIyYm9yZGVyJTNBbm9uZSUzQiUyMiUzRSUzQyUyRmlmcmFtZSUzRQ==&#8220;][\/vc_column][\/vc_row]<\/p>\n<\/div>","protected":false},"excerpt":{"rendered":"<p>[vc_row css=&#8220;.vc_custom_1541416377832{margin-top: 5% !important;margin-bottom: 5% !important;}&#8220;][vc_column][vc_column_text css=&#8220;&#8220;] Unsere \u00d6ffnungszeiten &nbsp; Dienstag 10:00 &#8211; 18:00 [&hellip;]<\/p>\n","protected":false},"author":1,"featured_media":0,"parent":0,"menu_order":4,"comment_status":"closed","ping_status":"closed","template":"","meta":{"_acf_changed":false,"footnotes":""},"class_list":["post-34833","page","type-page","status-publish","hentry"],"acf":[],"yoast_head":"<!-- This site is optimized with the Yoast SEO Premium plugin v27.4 (Yoast SEO v27.4) - https:\/\/yoast.com\/product\/yoast-seo-premium-wordpress\/ -->\n<title>Kontakt - Van Dijk &amp; Ko<\/title>\n<meta name=\"description\" content=\"Der Van Dijk &amp; Ko-Store ist von Amsterdam-Noord nach Zaandam umgezogen. Ab sofort finden Sie uns in der Pieter Ghijsenlaan 12A in Zaandam.\" \/>\n<meta name=\"robots\" content=\"index, follow, max-snippet:-1, max-image-preview:large, max-video-preview:-1\" \/>\n<link rel=\"canonical\" href=\"https:\/\/www.vandijkenko.nl\/de\/kontakt\/\" \/>\n<meta property=\"og:locale\" content=\"de_DE\" \/>\n<meta property=\"og:type\" content=\"article\" \/>\n<meta property=\"og:title\" content=\"Kontakt\" \/>\n<meta property=\"og:description\" content=\"Der Van Dijk &amp; Ko-Store ist von Amsterdam-Noord nach Zaandam umgezogen. Ab sofort finden Sie uns in der Pieter Ghijsenlaan 12A in Zaandam.\" \/>\n<meta property=\"og:url\" content=\"https:\/\/www.vandijkenko.nl\/de\/kontakt\/\" \/>\n<meta property=\"og:site_name\" content=\"Van Dijk &amp; Ko\" \/>\n<meta property=\"article:publisher\" content=\"https:\/\/www.facebook.com\/vandijkenko\/\" \/>\n<meta property=\"article:modified_time\" content=\"2025-04-17T07:46:06+00:00\" \/>\n<meta name=\"twitter:card\" content=\"summary_large_image\" \/>\n<meta name=\"twitter:label1\" content=\"Gesch\u00e4tzte Lesezeit\" \/>\n\t<meta name=\"twitter:data1\" content=\"1\u00a0Minute\" \/>\n<script type=\"application\/ld+json\" class=\"yoast-schema-graph\">{\"@context\":\"https:\\\/\\\/schema.org\",\"@graph\":[{\"@type\":\"WebPage\",\"@id\":\"https:\\\/\\\/www.vandijkenko.nl\\\/de\\\/kontakt\\\/\",\"url\":\"https:\\\/\\\/www.vandijkenko.nl\\\/de\\\/kontakt\\\/\",\"name\":\"Kontakt - Van Dijk &amp; Ko\",\"isPartOf\":{\"@id\":\"https:\\\/\\\/www.vandijkenko.nl\\\/de\\\/#website\"},\"datePublished\":\"2019-08-14T13:52:56+00:00\",\"dateModified\":\"2025-04-17T07:46:06+00:00\",\"description\":\"Der Van Dijk & Ko-Store ist von Amsterdam-Noord nach Zaandam umgezogen. Ab sofort finden Sie uns in der Pieter Ghijsenlaan 12A in Zaandam.\",\"breadcrumb\":{\"@id\":\"https:\\\/\\\/www.vandijkenko.nl\\\/de\\\/kontakt\\\/#breadcrumb\"},\"inLanguage\":\"de\",\"potentialAction\":[{\"@type\":\"ReadAction\",\"target\":[\"https:\\\/\\\/www.vandijkenko.nl\\\/de\\\/kontakt\\\/\"]}]},{\"@type\":\"BreadcrumbList\",\"@id\":\"https:\\\/\\\/www.vandijkenko.nl\\\/de\\\/kontakt\\\/#breadcrumb\",\"itemListElement\":[{\"@type\":\"ListItem\",\"position\":1,\"name\":\"Home\",\"item\":\"https:\\\/\\\/www.vandijkenko.nl\\\/de\\\/\"},{\"@type\":\"ListItem\",\"position\":2,\"name\":\"Kontakt\"}]},{\"@type\":\"WebSite\",\"@id\":\"https:\\\/\\\/www.vandijkenko.nl\\\/de\\\/#website\",\"url\":\"https:\\\/\\\/www.vandijkenko.nl\\\/de\\\/\",\"name\":\"Van Dijk &amp; Ko\",\"description\":\"\",\"publisher\":{\"@id\":\"https:\\\/\\\/www.vandijkenko.nl\\\/de\\\/#organization\"},\"potentialAction\":[{\"@type\":\"SearchAction\",\"target\":{\"@type\":\"EntryPoint\",\"urlTemplate\":\"https:\\\/\\\/www.vandijkenko.nl\\\/de\\\/?s={search_term_string}\"},\"query-input\":{\"@type\":\"PropertyValueSpecification\",\"valueRequired\":true,\"valueName\":\"search_term_string\"}}],\"inLanguage\":\"de\"},{\"@type\":[\"Organization\",\"Place\",\"FurnitureStore\"],\"@id\":\"https:\\\/\\\/www.vandijkenko.nl\\\/de\\\/#organization\",\"name\":\"Van Dijk & Ko\",\"url\":\"https:\\\/\\\/www.vandijkenko.nl\\\/de\\\/\",\"logo\":{\"@id\":\"https:\\\/\\\/www.vandijkenko.nl\\\/de\\\/kontakt\\\/#local-main-organization-logo\"},\"image\":{\"@id\":\"https:\\\/\\\/www.vandijkenko.nl\\\/de\\\/kontakt\\\/#local-main-organization-logo\"},\"sameAs\":[\"https:\\\/\\\/www.facebook.com\\\/vandijkenko\\\/\",\"https:\\\/\\\/www.instagram.com\\\/vandijkenko\\\/\",\"https:\\\/\\\/www.pinterest.co.uk\\\/vandijkko0026\\\/\"],\"address\":{\"@id\":\"https:\\\/\\\/www.vandijkenko.nl\\\/de\\\/kontakt\\\/#local-main-place-address\"},\"geo\":{\"@type\":\"GeoCoordinates\",\"latitude\":\"52.3977911\",\"longitude\":\"4.9042822\"},\"telephone\":[\"+31 20 684 1524\"],\"openingHoursSpecification\":[{\"@type\":\"OpeningHoursSpecification\",\"dayOfWeek\":[\"Monday\"],\"opens\":\"00:00\",\"closes\":\"00:00\"},{\"@type\":\"OpeningHoursSpecification\",\"dayOfWeek\":[\"Tuesday\",\"Wednesday\",\"Thursday\",\"Friday\",\"Saturday\"],\"opens\":\"10:00\",\"closes\":\"18:00\"},{\"@type\":\"OpeningHoursSpecification\",\"dayOfWeek\":[\"Sunday\"],\"opens\":\"12:00\",\"closes\":\"18:00\"}],\"email\":\"info@vandijkenko.nl\"},{\"@type\":\"PostalAddress\",\"@id\":\"https:\\\/\\\/www.vandijkenko.nl\\\/de\\\/kontakt\\\/#local-main-place-address\",\"streetAddress\":\"Papaverweg 46\",\"addressLocality\":\"Amsterdam\",\"postalCode\":\"1032 KJ\",\"addressRegion\":\"Noord-holland\",\"addressCountry\":\"NL\"},{\"@type\":\"ImageObject\",\"inLanguage\":\"de\",\"@id\":\"https:\\\/\\\/www.vandijkenko.nl\\\/de\\\/kontakt\\\/#local-main-organization-logo\",\"url\":\"https:\\\/\\\/www.vandijkenko.nl\\\/wp-content\\\/uploads\\\/2019\\\/09\\\/VanDijkenKologo.jpg\",\"contentUrl\":\"https:\\\/\\\/www.vandijkenko.nl\\\/wp-content\\\/uploads\\\/2019\\\/09\\\/VanDijkenKologo.jpg\",\"width\":320,\"height\":320,\"caption\":\"Van Dijk & Ko\"}]}<\/script>\n<meta name=\"geo.placename\" content=\"Amsterdam\" \/>\n<meta name=\"geo.position\" content=\"52.3977911;4.9042822\" \/>\n<meta name=\"geo.region\" content=\"Niederlande\" \/>\n<!-- \/ Yoast SEO Premium plugin. -->","yoast_head_json":{"title":"Kontakt - Van Dijk &amp; Ko","description":"Der Van Dijk & Ko-Store ist von Amsterdam-Noord nach Zaandam umgezogen. Ab sofort finden Sie uns in der Pieter Ghijsenlaan 12A in Zaandam.","robots":{"index":"index","follow":"follow","max-snippet":"max-snippet:-1","max-image-preview":"max-image-preview:large","max-video-preview":"max-video-preview:-1"},"canonical":"https:\/\/www.vandijkenko.nl\/de\/kontakt\/","og_locale":"de_DE","og_type":"article","og_title":"Kontakt","og_description":"Der Van Dijk & Ko-Store ist von Amsterdam-Noord nach Zaandam umgezogen. Ab sofort finden Sie uns in der Pieter Ghijsenlaan 12A in Zaandam.","og_url":"https:\/\/www.vandijkenko.nl\/de\/kontakt\/","og_site_name":"Van Dijk &amp; Ko","article_publisher":"https:\/\/www.facebook.com\/vandijkenko\/","article_modified_time":"2025-04-17T07:46:06+00:00","twitter_card":"summary_large_image","twitter_misc":{"Gesch\u00e4tzte Lesezeit":"1\u00a0Minute"},"schema":{"@context":"https:\/\/schema.org","@graph":[{"@type":"WebPage","@id":"https:\/\/www.vandijkenko.nl\/de\/kontakt\/","url":"https:\/\/www.vandijkenko.nl\/de\/kontakt\/","name":"Kontakt - Van Dijk &amp; Ko","isPartOf":{"@id":"https:\/\/www.vandijkenko.nl\/de\/#website"},"datePublished":"2019-08-14T13:52:56+00:00","dateModified":"2025-04-17T07:46:06+00:00","description":"Der Van Dijk & Ko-Store ist von Amsterdam-Noord nach Zaandam umgezogen. Ab sofort finden Sie uns in der Pieter Ghijsenlaan 12A in Zaandam.","breadcrumb":{"@id":"https:\/\/www.vandijkenko.nl\/de\/kontakt\/#breadcrumb"},"inLanguage":"de","potentialAction":[{"@type":"ReadAction","target":["https:\/\/www.vandijkenko.nl\/de\/kontakt\/"]}]},{"@type":"BreadcrumbList","@id":"https:\/\/www.vandijkenko.nl\/de\/kontakt\/#breadcrumb","itemListElement":[{"@type":"ListItem","position":1,"name":"Home","item":"https:\/\/www.vandijkenko.nl\/de\/"},{"@type":"ListItem","position":2,"name":"Kontakt"}]},{"@type":"WebSite","@id":"https:\/\/www.vandijkenko.nl\/de\/#website","url":"https:\/\/www.vandijkenko.nl\/de\/","name":"Van Dijk &amp; Ko","description":"","publisher":{"@id":"https:\/\/www.vandijkenko.nl\/de\/#organization"},"potentialAction":[{"@type":"SearchAction","target":{"@type":"EntryPoint","urlTemplate":"https:\/\/www.vandijkenko.nl\/de\/?s={search_term_string}"},"query-input":{"@type":"PropertyValueSpecification","valueRequired":true,"valueName":"search_term_string"}}],"inLanguage":"de"},{"@type":["Organization","Place","FurnitureStore"],"@id":"https:\/\/www.vandijkenko.nl\/de\/#organization","name":"Van Dijk & Ko","url":"https:\/\/www.vandijkenko.nl\/de\/","logo":{"@id":"https:\/\/www.vandijkenko.nl\/de\/kontakt\/#local-main-organization-logo"},"image":{"@id":"https:\/\/www.vandijkenko.nl\/de\/kontakt\/#local-main-organization-logo"},"sameAs":["https:\/\/www.facebook.com\/vandijkenko\/","https:\/\/www.instagram.com\/vandijkenko\/","https:\/\/www.pinterest.co.uk\/vandijkko0026\/"],"address":{"@id":"https:\/\/www.vandijkenko.nl\/de\/kontakt\/#local-main-place-address"},"geo":{"@type":"GeoCoordinates","latitude":"52.3977911","longitude":"4.9042822"},"telephone":["+31 20 684 1524"],"openingHoursSpecification":[{"@type":"OpeningHoursSpecification","dayOfWeek":["Monday"],"opens":"00:00","closes":"00:00"},{"@type":"OpeningHoursSpecification","dayOfWeek":["Tuesday","Wednesday","Thursday","Friday","Saturday"],"opens":"10:00","closes":"18:00"},{"@type":"OpeningHoursSpecification","dayOfWeek":["Sunday"],"opens":"12:00","closes":"18:00"}],"email":"info@vandijkenko.nl"},{"@type":"PostalAddress","@id":"https:\/\/www.vandijkenko.nl\/de\/kontakt\/#local-main-place-address","streetAddress":"Papaverweg 46","addressLocality":"Amsterdam","postalCode":"1032 KJ","addressRegion":"Noord-holland","addressCountry":"NL"},{"@type":"ImageObject","inLanguage":"de","@id":"https:\/\/www.vandijkenko.nl\/de\/kontakt\/#local-main-organization-logo","url":"https:\/\/www.vandijkenko.nl\/wp-content\/uploads\/2019\/09\/VanDijkenKologo.jpg","contentUrl":"https:\/\/www.vandijkenko.nl\/wp-content\/uploads\/2019\/09\/VanDijkenKologo.jpg","width":320,"height":320,"caption":"Van Dijk & Ko"}]},"geo.placename":"Amsterdam","geo.position":{"lat":"52.3977911","long":"4.9042822"},"geo.region":"Niederlande"},"_links":{"self":[{"href":"https:\/\/www.vandijkenko.nl\/de\/wp-json\/wp\/v2\/pages\/34833","targetHints":{"allow":["GET"]}}],"collection":[{"href":"https:\/\/www.vandijkenko.nl\/de\/wp-json\/wp\/v2\/pages"}],"about":[{"href":"https:\/\/www.vandijkenko.nl\/de\/wp-json\/wp\/v2\/types\/page"}],"author":[{"embeddable":true,"href":"https:\/\/www.vandijkenko.nl\/de\/wp-json\/wp\/v2\/users\/1"}],"replies":[{"embeddable":true,"href":"https:\/\/www.vandijkenko.nl\/de\/wp-json\/wp\/v2\/comments?post=34833"}],"version-history":[{"count":3,"href":"https:\/\/www.vandijkenko.nl\/de\/wp-json\/wp\/v2\/pages\/34833\/revisions"}],"predecessor-version":[{"id":1003492,"href":"https:\/\/www.vandijkenko.nl\/de\/wp-json\/wp\/v2\/pages\/34833\/revisions\/1003492"}],"wp:attachment":[{"href":"https:\/\/www.vandijkenko.nl\/de\/wp-json\/wp\/v2\/media?parent=34833"}],"curies":[{"name":"wp","href":"https:\/\/api.w.org\/{rel}","templated":true}]}}